{"id":837,"date":"2018-08-06T16:38:28","date_gmt":"2018-08-06T15:38:28","guid":{"rendered":"http:\/\/pigeon-culbutant-lillois.com\/?page_id=837"},"modified":"2022-10-10T15:08:15","modified_gmt":"2022-10-10T14:08:15","slug":"championnat-regional-des-culbutants-lillois-a-halluin","status":"publish","type":"page","link":"https:\/\/pigeon-culbutant-lillois.com\/?page_id=837","title":{"rendered":"CHAMPIONNAT R\u00e9gional des Culbutants Lillois \u00e0 HALLUIN 2018"},"content":{"rendered":"<p>Le CHAMPIONNAT R\u00e9gional des Culbutants Lillois\u00a0 a eu lieu \u00e0 HALLUIN 59250 les 17 et 18 Novembre 2018<\/p>\n<p><strong>Remerciements et F\u00e9licitations\u00a0\u00e0 l&rsquo;Association les Amis de la Basse Cour d&rsquo;Halluin pour la pleine r\u00e9ussite dans l\u2019organisation du Championnat R\u00e9gional et la belle mise en valeur des Culbutants Lillois\u00a0! \u00a0<\/strong><\/p>\n<p><strong><span style=\"text-decoration: underline; color: #0000ff;\">LE PALMAR\u00c8S : ( les photos en bas de page )<br \/>\n<\/span><\/strong><\/p>\n<p>Ce Championnat a r\u00e9uni 38 sujets et 4 \u00e9leveurs<\/p>\n<p><strong>Le Culbutant Savoyard cage 419 d\u00e9sign\u00e9 Meilleur Sujet en \u00ab\u00a0Pigeons de Vol\u00a0\u00bb de l&rsquo;Exposition<\/strong><\/p>\n<table>\n<tbody>\n<tr>\n<td><strong><em><u>Champions<\/u><\/em><\/strong><\/td>\n<td><strong><em><u>Cages<\/u><\/em><\/strong><\/td>\n<td><strong><em><u>PH<\/u><\/em><\/strong><\/td>\n<td><strong><em><u>Eleveurs<\/u><\/em><\/strong><\/td>\n<\/tr>\n<tr>\n<td><strong>Unicolore Noir<\/strong><\/td>\n<td><strong>413<\/strong><\/td>\n<td><strong>95<\/strong><\/td>\n<td><strong>Devos Jules<\/strong><\/td>\n<\/tr>\n<tr>\n<td><strong>Bleu Barr\u00e9<\/strong><\/td>\n<td><strong>400<\/strong><\/td>\n<td><strong>96<\/strong><\/td>\n<td><strong>Lissy Philippe<\/strong><\/td>\n<\/tr>\n<tr>\n<td><strong>Bleu Barr\u00e9 \u00e0 Vol Blanc<\/strong><\/td>\n<td><strong>409<\/strong><\/td>\n<td><strong>96<\/strong><\/td>\n<td><strong>Devos Jules<\/strong><\/td>\n<\/tr>\n<tr>\n<td><strong>Autres vari\u00e9t\u00e9s Savoyard<\/strong><\/td>\n<td><strong>419<\/strong><\/td>\n<td><strong>97<\/strong><\/td>\n<td><strong>Devos Jules<\/strong><\/td>\n<\/tr>\n<\/tbody>\n<\/table>\n<h4>\u00a0Jugement r\u00e9alis\u00e9 par J.P.Tiertant<\/h4>\n<h4><u>Prix de Qualit\u00e9 attribu\u00e9 \u00e0 Mr Lissy Philippe avec 573\u00a0 Points\u00a0 <\/u><\/h4>\n<h4>(total des points\u00a0 des 6 meilleurs sujets expos\u00e9s avec un minimum de 6 pigeons)<\/h4>\n<table>\n<tbody>\n<tr>\n<td width=\"205\"><strong>NOMS<\/strong><\/td>\n<td width=\"264\"><strong>NOMBRE DE POINTS DES 6 MEILLEURS SUJETS<\/strong><\/td>\n<\/tr>\n<tr>\n<td width=\"205\"><strong>DEVOS\u00a0 Jules<\/strong><\/td>\n<td width=\"264\"><strong>574\u00a0 points\u00a0\u00a0\u00a0 (ne participe pas )<\/strong><\/td>\n<\/tr>\n<tr>\n<td width=\"205\"><strong>LISSY Philippe<\/strong><\/td>\n<td width=\"264\"><strong>573 points\u00a0\u00a0\u00a0\u00a0\u00a0\u00a0 &#8211;\u00a0\u00a0\u00a0 1er<\/strong><\/td>\n<\/tr>\n<tr>\n<td width=\"205\"><strong>FLEURY L\u00e9onard <\/strong><\/td>\n<td width=\"264\"><strong>560 points\u00a0\u00a0\u00a0\u00a0\u00a0\u00a0 &#8211;\u00a0\u00a0\u00a0 second<\/strong><\/td>\n<\/tr>\n<tr>\n<td width=\"205\"><strong>TELLIER Olivier <\/strong><\/td>\n<td width=\"264\"><strong>374 points\u00a0 &#8211;\u00a0 4 pigeons &#8211; \u00a0\u00a03eme<\/strong><\/td>\n<\/tr>\n<\/tbody>\n<\/table>\n<p><strong>F\u00c9LICITATIONS AUX LAUR\u00c9ATS<\/strong><\/p>\n<p><strong>GRAND MERCI AUX \u00c9LEVEURS PARTICIPANTS<\/strong><\/p>\n<p><strong>Mrs Fleury L\u00e9onard, Lissy Philippe, Tellier Olivier et Devos Jules <\/strong><\/p>\n<p><span style=\"text-decoration: underline;\"><strong><span style=\"color: #0000ff; text-decoration: underline;\">LES PHOTOS<\/span>\u00a0 :<\/strong><\/span><strong>\u00a0 <a href=\"https:\/\/pigeon-culbutant-lillois.com\/wp-content\/uploads\/CHAMPIONNAT-REGIONAL-HALLUIN-2018-19.pdf\">CHAMPIONNAT REGIONAL HALLUIN 2018-19<\/a><\/strong><span style=\"text-decoration: underline;\"><strong><br \/>\n<\/strong><\/span><\/p>\n<p><a href=\"https:\/\/pigeon-culbutant-lillois.com\/wp-content\/uploads\/CHAMPIONNAT-REGIONAL-HALLUIN-2018-AUTRES-BEAUX-PIGEONS-c.pdf\">CHAMPIONNAT R\u00c9GIONAL HALLUIN 2018 AUTRES BEAUX PIGEONS-c<\/a><\/p>\n<p>&nbsp;<\/p>\n<p>&nbsp;<\/p>\n<h4><span style=\"color: #ff0000;\">\u00a0<\/span><\/h4>\n<p>&nbsp;<\/p>\n<p>&nbsp;<\/p>\n","protected":false},"excerpt":{"rendered":"<p>Le CHAMPIONNAT R\u00e9gional des Culbutants Lillois\u00a0 a eu lieu \u00e0 HALLUIN 59250 les 17 et 18 Novembre 2018 Remerciements et F\u00e9licitations\u00a0\u00e0 l&rsquo;Association les Amis de la Basse Cour d&rsquo;Halluin pour la pleine r\u00e9ussite dans l\u2019organisation du Championnat R\u00e9gional et la &hellip; <a href=\"https:\/\/pigeon-culbutant-lillois.com\/?page_id=837\">Lire la Suite <span class=\"meta-nav\">&rarr;<\/span><\/a><\/p>\n","protected":false},"author":1,"featured_media":0,"parent":207,"menu_order":3,"comment_status":"open","ping_status":"open","template":"","meta":{"footnotes":""},"_links":{"self":[{"href":"https:\/\/pigeon-culbutant-lillois.com\/index.php?rest_route=\/wp\/v2\/pages\/837"}],"collection":[{"href":"https:\/\/pigeon-culbutant-lillois.com\/index.php?rest_route=\/wp\/v2\/pages"}],"about":[{"href":"https:\/\/pigeon-culbutant-lillois.com\/index.php?rest_route=\/wp\/v2\/types\/page"}],"author":[{"embeddable":true,"href":"https:\/\/pigeon-culbutant-lillois.com\/index.php?rest_route=\/wp\/v2\/users\/1"}],"replies":[{"embeddable":true,"href":"https:\/\/pigeon-culbutant-lillois.com\/index.php?rest_route=%2Fwp%2Fv2%2Fcomments&post=837"}],"version-history":[{"count":10,"href":"https:\/\/pigeon-culbutant-lillois.com\/index.php?rest_route=\/wp\/v2\/pages\/837\/revisions"}],"predecessor-version":[{"id":963,"href":"https:\/\/pigeon-culbutant-lillois.com\/index.php?rest_route=\/wp\/v2\/pages\/837\/revisions\/963"}],"up":[{"embeddable":true,"href":"https:\/\/pigeon-culbutant-lillois.com\/index.php?rest_route=\/wp\/v2\/pages\/207"}],"wp:attachment":[{"href":"https:\/\/pigeon-culbutant-lillois.com\/index.php?rest_route=%2Fwp%2Fv2%2Fmedia&parent=837"}],"curies":[{"name":"wp","href":"https:\/\/api.w.org\/{rel}","templated":true}]}}